{"id":817,"date":"2015-11-03T13:28:06","date_gmt":"2015-11-03T13:28:06","guid":{"rendered":"http:\/\/localhost\/wordpress\/index.php\/preeda\/"},"modified":"2021-05-07T16:53:50","modified_gmt":"2021-05-07T14:53:50","slug":"preeda","status":"publish","type":"page","link":"https:\/\/www.eda-ltd.com.tr\/index.php\/urunler\/preeda\/","title":{"rendered":"PREeda"},"content":{"rendered":"<p class=\"western\" lang=\"tr-TR\" style=\"margin-bottom: 20px;\"><span style=\"font-family: arial,helvetica,sans-serif;\"><span style=\"color: #000000;\"><span style=\"font-size: small;\"><strong style=\"font-family: garamond; font-style: italic;\">\u00d6n-\u0130\u015flemci Yaz\u0131l\u0131m\u0131<\/strong><br \/>\n<\/span><\/span><\/span><\/p>\n<p lang=\"tr-TR\" style=\"font-size: 13px;\">PREeda, tasar\u0131m ve analiz \u00e7al\u0131\u015fmalar\u0131n\u0131n \u00e7\u00f6z\u00fcm \u00f6ncesi haz\u0131rl\u0131k i\u015flemlerinin ger\u00e7ekle\u015ftirilmesine y\u00f6nelik olarak geli\u015ftirilmi\u015f bir \u00f6n i\u015flemci yaz\u0131l\u0131m\u0131d\u0131r.<\/p>\n<p lang=\"tr-TR\" style=\"font-size: 13px;\"><a href=\"https:\/\/www.eda-ltd.com.tr\/index.php\/caeeda\/\" target=\"_blank\" rel=\"noopener\">CAEeda\u2122<\/a> \u00e7at\u0131s\u0131 alt\u0131nda \u00c7\u00f6z\u00fcma\u011f\u0131 \u00dcretme Mod\u00fcl\u00fc (<a href=\"https:\/\/www.eda-ltd.com.tr\/index.php\/urunler\/mesheda-2\/\" target=\"_blank\" rel=\"noopener\">MESHeda<\/a>) ile etkile\u015fimli \u00e7al\u0131\u015ft\u0131r\u0131labilen yaz\u0131l\u0131m sayesinde, s\u0131n\u0131r \u015fart\u0131 ve malzeme \u00f6zelliklerinin kullan\u0131c\u0131 taraf\u0131ndan kolay ve h\u0131zl\u0131 bir \u015fekilde tan\u0131mlanabilmekte; karma\u015f\u0131k \u00e7\u00f6z\u00fcm i\u015flemlerinin yap\u0131labilmesi amac\u0131 ile paralel bilgisayar sistemlerinde kullan\u0131ma y\u00f6nelik olarak \u00e7\u00f6z\u00fcma\u011f\u0131 b\u00f6l\u00fcmleme i\u015flemleri ger\u00e7ekle\u015ftirilebilmektedir.<\/p>\n<p lang=\"tr-TR\" style=\"font-size: 13px;\">Bu \u00f6zellikleri ile PREeda, CAEeda\u2122\u2019n\u0131n tasar\u0131m otomasyon yetenekleri \u00e7er\u00e7evesinde otomatik \u00e7\u00f6z\u00fcma\u011f\u0131 \u00fcretme i\u015fleminin yap\u0131lmas\u0131na katk\u0131 sa\u011flamaktad\u0131r.<\/p>\n<p lang=\"tr-TR\" style=\"color: #d4d4d4; font-size: 1.7em; margin-top: 30px;\"><span style=\"color: #c0c0c0;\">Temel \u00d6zellikler<\/span><\/p>\n<hr style=\"margin: 0px; border-width: 1px;\" \/>\n<div style=\"\/*! background: linear-gradient(#e6e6e6, #f6f6f6); *\/ ;\/* border-radius: 2px; ! margin-bottom: 10px; *\/ \/*! border-width: 5px; *\/\/*! border-style: solid; *\/\/*! border-color: #e6e6e6; *\/font-size: 12px; font-family: arial; \/*! border-top-color: #e6e6e6; *\/ \/*! border-top-style: solid; *\/ \/*! border-top-width: 10px; *\/ \/*! height: 450px; *\/ \/*! width: 400px; *\/ \/*! margin-left: 50px; margin-bottom: 100px;\">\n<ul style=\"margin-top: 15px; margin-bottom: 0px; margin-left: 35px;\">\n<li><span style=\"font-size: 10pt;\">A\u011f elemanlar\u0131 iste\u011fe g\u00f6re se\u00e7ip gruplara (group) ve b\u00f6lgelere (zone) ay\u0131rabilme<\/span><\/li>\n<li><span style=\"font-size: 10pt;\">Gruplar\u0131 ve b\u00f6lgeleri kayna\u015ft\u0131r\u0131labilme, ayr\u0131\u015ft\u0131r\u0131labilme, silme ya da yeniden gruplara ve b\u00f6lgelere ay\u0131rma<\/span><\/li>\n<li><span style=\"font-size: 10pt;\">Tan\u0131mlanan nokta vekt\u00f6r a\u00e7\u0131 tolerans\u0131na, rengine veya tipine g\u00f6re a\u011f elemanlar\u0131n\u0131 otomatik gruplara ve b\u00f6lgelere ay\u0131rma<\/span><\/li>\n<li><span style=\"font-size: 10pt;\">Eleman b\u00f6lgelerine malzeme ve s\u0131n\u0131r \u015fartlar\u0131 atama<\/span><\/li>\n<li><span style=\"font-size: 10pt;\">Hareketli ve sabit b\u00f6lgeleri belirleme, hareket s\u0131n\u0131rlamalar\u0131 koyma<\/span><\/li>\n<li><span style=\"font-size: 10pt;\">Hareketli b\u00f6lgelere hareket denklemleri tan\u0131mlayabilme<\/span><\/li>\n<li><span style=\"font-size: 10pt;\">Kullan\u0131c\u0131ya \u00f6zel yeni s\u0131n\u0131r \u015fartlar\u0131, malzeme ve fiziksel \u00f6zellikler tan\u0131mlayabilme<\/span><\/li>\n<li><span style=\"font-size: 10pt;\">Paralel \u00e7\u00f6z\u00fcc\u00fclerde kullan\u0131lmak \u00fczere d\u00f6rt y\u00fczl\u00fc \u00e7\u00f6z\u00fcma\u011f\u0131n\u0131 \u00f6rt\u00fc\u015fen (overlap) veya \u00f6rt\u00fc\u015fmeyen (nonoverlap) b\u00f6l\u00fcmlere (partition) ayr\u0131labilme ve bu b\u00f6l\u00fcmleri de\u011fi\u015fik renklerde g\u00f6r\u00fcnt\u00fcleme, istenmeyen b\u00f6l\u00fcmleri gizleme<\/span><\/li>\n<li><span style=\"font-size: 10pt;\">Farkl\u0131 \u00e7\u00f6z\u00fcma\u011flar\u0131 aras\u0131nda d\u00fc\u011f\u00fcm noktalar\u0131n\u0131 h\u0131zl\u0131 bir \u015fekilde e\u015fle\u015ftirme (quick search)<\/span><\/li>\n<li><span style=\"font-size: 10pt;\">D\u00fc\u011f\u00fcm noktalar\u0131n\u0131n veya elemanlar\u0131n y\u00fczeylere olan en yak\u0131n mesafelerini h\u0131zl\u0131 bir \u015fekilde bulma (minimum distance)<\/span><\/li>\n<\/ul>\n<\/div>\n<p style=\"margin-top: 30px;\"><img loading=\"lazy\" class=\"aligncenter size-large wp-image-2802\" style=\"max-height: 300px; width: auto;\" src=\"https:\/\/www.eda-ltd.com.tr\/wp-content\/uploads\/2015\/11\/preeda-1-e1529681368837-1024x631.png\" sizes=\"(max-width: 980px) 100vw, 980px\" srcset=\"https:\/\/www.eda-ltd.com.tr\/wp-content\/uploads\/2015\/11\/preeda-1-e1529681368837-1024x631.png 1024w, https:\/\/www.eda-ltd.com.tr\/wp-content\/uploads\/2015\/11\/preeda-1-e1529681368837-300x185.png 300w, https:\/\/www.eda-ltd.com.tr\/wp-content\/uploads\/2015\/11\/preeda-1-e1529681368837-768x474.png 768w, https:\/\/www.eda-ltd.com.tr\/wp-content\/uploads\/2015\/11\/preeda-1-e1529681368837-150x92.png 150w, https:\/\/www.eda-ltd.com.tr\/wp-content\/uploads\/2015\/11\/preeda-1-e1529681368837-400x247.png 400w\" alt=\"\" width=\"980\" height=\"604\" \/><\/p>\n<p class=\"blocktext\" style=\"text-align: center;\">Paralel bilgisayar sistemi arac\u0131l\u0131\u011f\u0131 ile yap\u0131lacak olan ak\u0131\u015f analizi \u00e7al\u0131\u015fmas\u0131 i\u00e7in bir yolcu u\u00e7a\u011f\u0131 etraf\u0131nda <a href=\"https:\/\/www.eda-ltd.com.tr\/index.php\/urunler\/mesheda-2\/\" target=\"_blank\" rel=\"noopener\">MESHeda<\/a> ile olu\u015fturulmu\u015f \u00e7\u00f6z\u00fcma\u011f\u0131n\u0131n PREeda kullan\u0131larak b\u00f6l\u00fcmlenmesi<\/p>\n","protected":false},"excerpt":{"rendered":"<p>\u00d6n-\u0130\u015flemci Yaz\u0131l\u0131m\u0131 PREeda, tasar\u0131m ve analiz \u00e7al\u0131\u015fmalar\u0131n\u0131n \u00e7\u00f6z\u00fcm \u00f6ncesi haz\u0131rl\u0131k i\u015flemlerinin ger\u00e7ekle\u015ftirilmesine y\u00f6nelik olarak geli\u015ftirilmi\u015f bir \u00f6n i\u015flemci yaz\u0131l\u0131m\u0131d\u0131r. CAEeda\u2122 \u00e7at\u0131s\u0131 alt\u0131nda \u00c7\u00f6z\u00fcma\u011f\u0131 \u00dcretme Mod\u00fcl\u00fc (MESHeda) ile etkile\u015fimli \u00e7al\u0131\u015ft\u0131r\u0131labilen yaz\u0131l\u0131m sayesinde, s\u0131n\u0131r \u015fart\u0131 ve malzeme \u00f6zelliklerinin kullan\u0131c\u0131 taraf\u0131ndan kolay ve h\u0131zl\u0131 bir \u015fekilde tan\u0131mlanabilmekte; karma\u015f\u0131k \u00e7\u00f6z\u00fcm i\u015flemlerinin yap\u0131labilmesi amac\u0131 ile paralel bilgisayar sistemlerinde kullan\u0131ma y\u00f6nelik [&hellip;]<\/p>\n","protected":false},"author":1,"featured_media":0,"parent":741,"menu_order":124,"comment_status":"closed","ping_status":"closed","template":"","meta":[],"_links":{"self":[{"href":"https:\/\/www.eda-ltd.com.tr\/index.php\/wp-json\/wp\/v2\/pages\/817"}],"collection":[{"href":"https:\/\/www.eda-ltd.com.tr\/index.php\/wp-json\/wp\/v2\/pages"}],"about":[{"href":"https:\/\/www.eda-ltd.com.tr\/index.php\/wp-json\/wp\/v2\/types\/page"}],"author":[{"embeddable":true,"href":"https:\/\/www.eda-ltd.com.tr\/index.php\/wp-json\/wp\/v2\/users\/1"}],"replies":[{"embeddable":true,"href":"https:\/\/www.eda-ltd.com.tr\/index.php\/wp-json\/wp\/v2\/comments?post=817"}],"version-history":[{"count":17,"href":"https:\/\/www.eda-ltd.com.tr\/index.php\/wp-json\/wp\/v2\/pages\/817\/revisions"}],"predecessor-version":[{"id":4302,"href":"https:\/\/www.eda-ltd.com.tr\/index.php\/wp-json\/wp\/v2\/pages\/817\/revisions\/4302"}],"up":[{"embeddable":true,"href":"https:\/\/www.eda-ltd.com.tr\/index.php\/wp-json\/wp\/v2\/pages\/741"}],"wp:attachment":[{"href":"https:\/\/www.eda-ltd.com.tr\/index.php\/wp-json\/wp\/v2\/media?parent=817"}],"curies":[{"name":"wp","href":"https:\/\/api.w.org\/{rel}","templated":true}]}}